{"id":474,"date":"2019-01-20T18:28:38","date_gmt":"2019-01-20T18:28:38","guid":{"rendered":"http:\/\/demo.jasmin-bleeke.de\/?page_id=474"},"modified":"2019-09-09T09:50:07","modified_gmt":"2019-09-09T09:50:07","slug":"geburtstage","status":"publish","type":"page","link":"https:\/\/maerchen-sozialtraining.de\/?page_id=474","title":{"rendered":"Geburtstage"},"content":{"rendered":"<h1>M\u00e4rchenhafte Kindergeburtstage<\/h1>\n<p>Ihr Kind m\u00f6chte gerne einen m\u00e4rchenhaften Kindergeburtstag feiern, daf\u00fcr kann ich Ihnen eine sehr gute Hilfe sein. Es gibt mehrere M\u00f6glichkeiten, wie und wo die Geburtstagsfeier stattfinden kann. Eine Idee k\u00f6nnte sein, den Kindergebutstag drau\u00dfen im Wald mit M\u00e4rchen zu feieren.<\/p>\n<h4>Ein m\u00e4rchenhafter Kindergeburtstag im Wald (Deister)<\/h4>\n<p>Sie fahren einfach mit ihrem Geburtstagskind und der ganzen Feiergesellschaft mit der S-Bahn (S1) bis zum Bahnhof Egestorf, dort nehme ich Sie in Empfang.<\/p>\n<p>Gemeinsam machen wir uns auf den Weg durch den Deiser, wo ich an unterschiedlichen Stationen den Kindern M\u00e4rchen erz\u00e4hlen werde. Es besteht auch die M\u00f6glichkeit f\u00fcr eine keine Spiel und Kuchenpause ein Spielplatz auzusteuern.<\/p>\n<p>In einem Telefongespr\u00e4ch (Handy 015 15 69 49 665) k\u00f6nnen wir die Dauer, L\u00e4nge der Strecke und weitere W\u00fcnsche absprechen.<\/p>\n<p>Ich freue mich den Geburtstag von Ihrem Kind mitgestallten zu d\u00fcrfen.<\/p>\n","protected":false},"excerpt":{"rendered":"<p>M\u00e4rchenhafte Kindergeburtstage Ihr Kind m\u00f6chte gerne einen m\u00e4rchenhaften Kindergeburtstag feiern, daf\u00fcr kann ich Ihnen eine sehr gute Hilfe sein. Es gibt mehrere M\u00f6glichkeiten, wie und wo die Geburtstagsfeier stattfinden kann. Eine Idee k\u00f6nnte sein, den Kindergebutstag drau\u00dfen im Wald mit M\u00e4rchen zu feieren. Ein m\u00e4rchenhafter Kindergeburtstag im Wald (Deister) Sie fahren einfach mit ihrem Geburtstagskind [&hellip;]<\/p>\n","protected":false},"author":1,"featured_media":487,"parent":0,"menu_order":0,"comment_status":"closed","ping_status":"closed","template":"page-templates\/full-width-page.php","meta":{"footnotes":""},"class_list":["post-474","page","type-page","status-publish","has-post-thumbnail","hentry","with-featured-image"],"yoast_head":"<!-- This site is optimized with the Yoast SEO plugin v27.5 - https:\/\/yoast.com\/product\/yoast-seo-wordpress\/ -->\n<title>Geburtstage - M\u00e4rchen &amp; Sozialtraining<\/title>\n<meta name=\"robots\" content=\"index, follow, max-snippet:-1, max-image-preview:large, max-video-preview:-1\" \/>\n<link rel=\"canonical\" href=\"https:\/\/maerchen-sozialtraining.de\/?page_id=474\" \/>\n<meta property=\"og:locale\" content=\"de_DE\" \/>\n<meta property=\"og:type\" content=\"article\" \/>\n<meta property=\"og:title\" content=\"Geburtstage - M\u00e4rchen &amp; Sozialtraining\" \/>\n<meta property=\"og:description\" content=\"M\u00e4rchenhafte Kindergeburtstage Ihr Kind m\u00f6chte gerne einen m\u00e4rchenhaften Kindergeburtstag feiern, daf\u00fcr kann ich Ihnen eine sehr gute Hilfe sein. Es gibt mehrere M\u00f6glichkeiten, wie und wo die Geburtstagsfeier stattfinden kann. Eine Idee k\u00f6nnte sein, den Kindergebutstag drau\u00dfen im Wald mit M\u00e4rchen zu feieren. Ein m\u00e4rchenhafter Kindergeburtstag im Wald (Deister) Sie fahren einfach mit ihrem Geburtstagskind [&hellip;]\" \/>\n<meta property=\"og:url\" content=\"https:\/\/maerchen-sozialtraining.de\/?page_id=474\" \/>\n<meta property=\"og:site_name\" content=\"M\u00e4rchen &amp; Sozialtraining\" \/>\n<meta property=\"article:modified_time\" content=\"2019-09-09T09:50:07+00:00\" \/>\n<meta property=\"og:image\" content=\"https:\/\/maerchen-sozialtraining.de\/wp-content\/uploads\/2019\/02\/DSC_7708-1024x683.jpg\" \/>\n\t<meta property=\"og:image:width\" content=\"1024\" \/>\n\t<meta property=\"og:image:height\" content=\"683\" \/>\n\t<meta property=\"og:image:type\" content=\"image\/jpeg\" \/>\n<meta name=\"twitter:card\" content=\"summary_large_image\" \/>\n<meta name=\"twitter:label1\" content=\"Gesch\u00e4tzte Lesezeit\" \/>\n\t<meta name=\"twitter:data1\" content=\"1\u00a0Minute\" \/>\n<script type=\"application\/ld+json\" class=\"yoast-schema-graph\">{\"@context\":\"https:\\\/\\\/schema.org\",\"@graph\":[{\"@type\":\"WebPage\",\"@id\":\"https:\\\/\\\/maerchen-sozialtraining.de\\\/?page_id=474\",\"url\":\"https:\\\/\\\/maerchen-sozialtraining.de\\\/?page_id=474\",\"name\":\"Geburtstage - M\u00e4rchen &amp; Sozialtraining\",\"isPartOf\":{\"@id\":\"http:\\\/\\\/maerchen-sozialtraining.de\\\/#website\"},\"primaryImageOfPage\":{\"@id\":\"https:\\\/\\\/maerchen-sozialtraining.de\\\/?page_id=474#primaryimage\"},\"image\":{\"@id\":\"https:\\\/\\\/maerchen-sozialtraining.de\\\/?page_id=474#primaryimage\"},\"thumbnailUrl\":\"https:\\\/\\\/maerchen-sozialtraining.de\\\/wp-content\\\/uploads\\\/2019\\\/02\\\/DSC_7708.jpg\",\"datePublished\":\"2019-01-20T18:28:38+00:00\",\"dateModified\":\"2019-09-09T09:50:07+00:00\",\"breadcrumb\":{\"@id\":\"https:\\\/\\\/maerchen-sozialtraining.de\\\/?page_id=474#breadcrumb\"},\"inLanguage\":\"de\",\"potentialAction\":[{\"@type\":\"ReadAction\",\"target\":[\"https:\\\/\\\/maerchen-sozialtraining.de\\\/?page_id=474\"]}]},{\"@type\":\"ImageObject\",\"inLanguage\":\"de\",\"@id\":\"https:\\\/\\\/maerchen-sozialtraining.de\\\/?page_id=474#primaryimage\",\"url\":\"https:\\\/\\\/maerchen-sozialtraining.de\\\/wp-content\\\/uploads\\\/2019\\\/02\\\/DSC_7708.jpg\",\"contentUrl\":\"https:\\\/\\\/maerchen-sozialtraining.de\\\/wp-content\\\/uploads\\\/2019\\\/02\\\/DSC_7708.jpg\",\"width\":6000,\"height\":4000},{\"@type\":\"BreadcrumbList\",\"@id\":\"https:\\\/\\\/maerchen-sozialtraining.de\\\/?page_id=474#breadcrumb\",\"itemListElement\":[{\"@type\":\"ListItem\",\"position\":1,\"name\":\"Startseite\",\"item\":\"http:\\\/\\\/maerchen-sozialtraining.de\\\/\"},{\"@type\":\"ListItem\",\"position\":2,\"name\":\"Geburtstage\"}]},{\"@type\":\"WebSite\",\"@id\":\"http:\\\/\\\/maerchen-sozialtraining.de\\\/#website\",\"url\":\"http:\\\/\\\/maerchen-sozialtraining.de\\\/\",\"name\":\"M\u00e4rchen &amp; Sozialtraining\",\"description\":\"M\u00e4rchen und Sozialtraing mit Heike Cordes\",\"publisher\":{\"@id\":\"http:\\\/\\\/maerchen-sozialtraining.de\\\/#\\\/schema\\\/person\\\/d6db61b2247e77be1317c8e08531254e\"},\"potentialAction\":[{\"@type\":\"SearchAction\",\"target\":{\"@type\":\"EntryPoint\",\"urlTemplate\":\"http:\\\/\\\/maerchen-sozialtraining.de\\\/?s={search_term_string}\"},\"query-input\":{\"@type\":\"PropertyValueSpecification\",\"valueRequired\":true,\"valueName\":\"search_term_string\"}}],\"inLanguage\":\"de\"},{\"@type\":[\"Person\",\"Organization\"],\"@id\":\"http:\\\/\\\/maerchen-sozialtraining.de\\\/#\\\/schema\\\/person\\\/d6db61b2247e77be1317c8e08531254e\",\"name\":\"Heike Cordes\",\"image\":{\"@type\":\"ImageObject\",\"inLanguage\":\"de\",\"@id\":\"http:\\\/\\\/demo.jasmin-bleeke.de\\\/wp-content\\\/uploads\\\/2018\\\/10\\\/M\u00e4rchenabend-14-1024x683.jpg\",\"url\":\"http:\\\/\\\/demo.jasmin-bleeke.de\\\/wp-content\\\/uploads\\\/2018\\\/10\\\/M\u00e4rchenabend-14-1024x683.jpg\",\"contentUrl\":\"http:\\\/\\\/demo.jasmin-bleeke.de\\\/wp-content\\\/uploads\\\/2018\\\/10\\\/M\u00e4rchenabend-14-1024x683.jpg\",\"width\":1024,\"height\":683,\"caption\":\"Heike Cordes\"},\"logo\":{\"@id\":\"http:\\\/\\\/demo.jasmin-bleeke.de\\\/wp-content\\\/uploads\\\/2018\\\/10\\\/M\u00e4rchenabend-14-1024x683.jpg\"},\"sameAs\":[\"http:\\\/\\\/www.maerchen-sozialtraining.de\",\"https:\\\/\\\/www.youtube.com\\\/channel\\\/UCgmmtQjGSU9yha2PtQkxw5A\"]}]}<\/script>\n<!-- \/ Yoast SEO plugin. -->","yoast_head_json":{"title":"Geburtstage - M\u00e4rchen &amp; Sozialtraining","robots":{"index":"index","follow":"follow","max-snippet":"max-snippet:-1","max-image-preview":"max-image-preview:large","max-video-preview":"max-video-preview:-1"},"canonical":"https:\/\/maerchen-sozialtraining.de\/?page_id=474","og_locale":"de_DE","og_type":"article","og_title":"Geburtstage - M\u00e4rchen &amp; Sozialtraining","og_description":"M\u00e4rchenhafte Kindergeburtstage Ihr Kind m\u00f6chte gerne einen m\u00e4rchenhaften Kindergeburtstag feiern, daf\u00fcr kann ich Ihnen eine sehr gute Hilfe sein. Es gibt mehrere M\u00f6glichkeiten, wie und wo die Geburtstagsfeier stattfinden kann. Eine Idee k\u00f6nnte sein, den Kindergebutstag drau\u00dfen im Wald mit M\u00e4rchen zu feieren. Ein m\u00e4rchenhafter Kindergeburtstag im Wald (Deister) Sie fahren einfach mit ihrem Geburtstagskind [&hellip;]","og_url":"https:\/\/maerchen-sozialtraining.de\/?page_id=474","og_site_name":"M\u00e4rchen &amp; Sozialtraining","article_modified_time":"2019-09-09T09:50:07+00:00","og_image":[{"width":1024,"height":683,"url":"https:\/\/maerchen-sozialtraining.de\/wp-content\/uploads\/2019\/02\/DSC_7708-1024x683.jpg","type":"image\/jpeg"}],"twitter_card":"summary_large_image","twitter_misc":{"Gesch\u00e4tzte Lesezeit":"1\u00a0Minute"},"schema":{"@context":"https:\/\/schema.org","@graph":[{"@type":"WebPage","@id":"https:\/\/maerchen-sozialtraining.de\/?page_id=474","url":"https:\/\/maerchen-sozialtraining.de\/?page_id=474","name":"Geburtstage - M\u00e4rchen &amp; Sozialtraining","isPartOf":{"@id":"http:\/\/maerchen-sozialtraining.de\/#website"},"primaryImageOfPage":{"@id":"https:\/\/maerchen-sozialtraining.de\/?page_id=474#primaryimage"},"image":{"@id":"https:\/\/maerchen-sozialtraining.de\/?page_id=474#primaryimage"},"thumbnailUrl":"https:\/\/maerchen-sozialtraining.de\/wp-content\/uploads\/2019\/02\/DSC_7708.jpg","datePublished":"2019-01-20T18:28:38+00:00","dateModified":"2019-09-09T09:50:07+00:00","breadcrumb":{"@id":"https:\/\/maerchen-sozialtraining.de\/?page_id=474#breadcrumb"},"inLanguage":"de","potentialAction":[{"@type":"ReadAction","target":["https:\/\/maerchen-sozialtraining.de\/?page_id=474"]}]},{"@type":"ImageObject","inLanguage":"de","@id":"https:\/\/maerchen-sozialtraining.de\/?page_id=474#primaryimage","url":"https:\/\/maerchen-sozialtraining.de\/wp-content\/uploads\/2019\/02\/DSC_7708.jpg","contentUrl":"https:\/\/maerchen-sozialtraining.de\/wp-content\/uploads\/2019\/02\/DSC_7708.jpg","width":6000,"height":4000},{"@type":"BreadcrumbList","@id":"https:\/\/maerchen-sozialtraining.de\/?page_id=474#breadcrumb","itemListElement":[{"@type":"ListItem","position":1,"name":"Startseite","item":"http:\/\/maerchen-sozialtraining.de\/"},{"@type":"ListItem","position":2,"name":"Geburtstage"}]},{"@type":"WebSite","@id":"http:\/\/maerchen-sozialtraining.de\/#website","url":"http:\/\/maerchen-sozialtraining.de\/","name":"M\u00e4rchen &amp; Sozialtraining","description":"M\u00e4rchen und Sozialtraing mit Heike Cordes","publisher":{"@id":"http:\/\/maerchen-sozialtraining.de\/#\/schema\/person\/d6db61b2247e77be1317c8e08531254e"},"potentialAction":[{"@type":"SearchAction","target":{"@type":"EntryPoint","urlTemplate":"http:\/\/maerchen-sozialtraining.de\/?s={search_term_string}"},"query-input":{"@type":"PropertyValueSpecification","valueRequired":true,"valueName":"search_term_string"}}],"inLanguage":"de"},{"@type":["Person","Organization"],"@id":"http:\/\/maerchen-sozialtraining.de\/#\/schema\/person\/d6db61b2247e77be1317c8e08531254e","name":"Heike Cordes","image":{"@type":"ImageObject","inLanguage":"de","@id":"http:\/\/demo.jasmin-bleeke.de\/wp-content\/uploads\/2018\/10\/M\u00e4rchenabend-14-1024x683.jpg","url":"http:\/\/demo.jasmin-bleeke.de\/wp-content\/uploads\/2018\/10\/M\u00e4rchenabend-14-1024x683.jpg","contentUrl":"http:\/\/demo.jasmin-bleeke.de\/wp-content\/uploads\/2018\/10\/M\u00e4rchenabend-14-1024x683.jpg","width":1024,"height":683,"caption":"Heike Cordes"},"logo":{"@id":"http:\/\/demo.jasmin-bleeke.de\/wp-content\/uploads\/2018\/10\/M\u00e4rchenabend-14-1024x683.jpg"},"sameAs":["http:\/\/www.maerchen-sozialtraining.de","https:\/\/www.youtube.com\/channel\/UCgmmtQjGSU9yha2PtQkxw5A"]}]}},"_links":{"self":[{"href":"https:\/\/maerchen-sozialtraining.de\/index.php?rest_route=\/wp\/v2\/pages\/474","targetHints":{"allow":["GET"]}}],"collection":[{"href":"https:\/\/maerchen-sozialtraining.de\/index.php?rest_route=\/wp\/v2\/pages"}],"about":[{"href":"https:\/\/maerchen-sozialtraining.de\/index.php?rest_route=\/wp\/v2\/types\/page"}],"author":[{"embeddable":true,"href":"https:\/\/maerchen-sozialtraining.de\/index.php?rest_route=\/wp\/v2\/users\/1"}],"replies":[{"embeddable":true,"href":"https:\/\/maerchen-sozialtraining.de\/index.php?rest_route=%2Fwp%2Fv2%2Fcomments&post=474"}],"version-history":[{"count":9,"href":"https:\/\/maerchen-sozialtraining.de\/index.php?rest_route=\/wp\/v2\/pages\/474\/revisions"}],"predecessor-version":[{"id":540,"href":"https:\/\/maerchen-sozialtraining.de\/index.php?rest_route=\/wp\/v2\/pages\/474\/revisions\/540"}],"wp:featuredmedia":[{"embeddable":true,"href":"https:\/\/maerchen-sozialtraining.de\/index.php?rest_route=\/wp\/v2\/media\/487"}],"wp:attachment":[{"href":"https:\/\/maerchen-sozialtraining.de\/index.php?rest_route=%2Fwp%2Fv2%2Fmedia&parent=474"}],"curies":[{"name":"wp","href":"https:\/\/api.w.org\/{rel}","templated":true}]}}