{"id":361,"date":"2018-08-01T16:37:45","date_gmt":"2018-08-01T16:37:45","guid":{"rendered":"http:\/\/demo.jasmin-bleeke.de\/?page_id=361"},"modified":"2018-12-08T20:07:34","modified_gmt":"2018-12-08T20:07:34","slug":"einer-schulsozialarbeitern","status":"publish","type":"page","link":"https:\/\/maerchen-sozialtraining.de\/?page_id=361","title":{"rendered":"Einer Schulsozialarbeiterin"},"content":{"rendered":"<h1>Einer Schulsozialarbeiterin<\/h1>\n<p>In meiner Arbeit als Schulsozialarbeiterin an einer Grundschule wollte ich mich gerne in das Arbeitsfeld Sozialtraining einarbeiten lassen.<\/p>\n<p>Frau Cordes hat mir hierzu grundlegende Kenntnisse vermitttelt und wusste mit ihrem Erfahrungsschatz f\u00fcr jedes Thema, das wir in der Klasse bearbeiten wollten, tolle Spiele, Methoden und M\u00f6glichkeiten.<\/p>\n<p>Kompetent, geduldig und immer zielf\u00fchrend stand sie nicht nur mir als Kollegin, sondern auch der Lehrkraft, der Klasse sowie einzelnen Kindern zur Seite und hat es geschafft uns alle mit auf die Reise eines gelungenen Sozialtrainings einzuladen, abzuholen und mitzurei\u00dfen.<\/p>\n<p>Ich danke ihr f\u00fcr ein gutes Grundger\u00fcst, das es mir leicht macht, nun alleine mit Klassen zu arbeiten.<\/p>\n<p>Tatjana Ringel, Schulsozialarbeiterin<\/p>\n","protected":false},"excerpt":{"rendered":"<p>Einer Schulsozialarbeiterin In meiner Arbeit als Schulsozialarbeiterin an einer Grundschule wollte ich mich gerne in das Arbeitsfeld Sozialtraining einarbeiten lassen. Frau Cordes hat mir hierzu grundlegende Kenntnisse vermitttelt und wusste mit ihrem Erfahrungsschatz f\u00fcr jedes Thema, das wir in der Klasse bearbeiten wollten, tolle Spiele, Methoden und M\u00f6glichkeiten. Kompetent, geduldig und immer zielf\u00fchrend stand sie [&hellip;]<\/p>\n","protected":false},"author":1,"featured_media":318,"parent":124,"menu_order":0,"comment_status":"closed","ping_status":"closed","template":"page-templates\/full-width-page.php","meta":{"footnotes":""},"class_list":["post-361","page","type-page","status-publish","has-post-thumbnail","hentry","with-featured-image"],"yoast_head":"<!-- This site is optimized with the Yoast SEO plugin v27.5 - https:\/\/yoast.com\/product\/yoast-seo-wordpress\/ -->\n<title>Einer Schulsozialarbeiterin - M\u00e4rchen &amp; Sozialtraining<\/title>\n<meta name=\"robots\" content=\"index, follow, max-snippet:-1, max-image-preview:large, max-video-preview:-1\" \/>\n<link rel=\"canonical\" href=\"https:\/\/maerchen-sozialtraining.de\/?page_id=361\" \/>\n<meta property=\"og:locale\" content=\"de_DE\" \/>\n<meta property=\"og:type\" content=\"article\" \/>\n<meta property=\"og:title\" content=\"Einer Schulsozialarbeiterin - M\u00e4rchen &amp; Sozialtraining\" \/>\n<meta property=\"og:description\" content=\"Einer Schulsozialarbeiterin In meiner Arbeit als Schulsozialarbeiterin an einer Grundschule wollte ich mich gerne in das Arbeitsfeld Sozialtraining einarbeiten lassen. Frau Cordes hat mir hierzu grundlegende Kenntnisse vermitttelt und wusste mit ihrem Erfahrungsschatz f\u00fcr jedes Thema, das wir in der Klasse bearbeiten wollten, tolle Spiele, Methoden und M\u00f6glichkeiten. Kompetent, geduldig und immer zielf\u00fchrend stand sie [&hellip;]\" \/>\n<meta property=\"og:url\" content=\"https:\/\/maerchen-sozialtraining.de\/?page_id=361\" \/>\n<meta property=\"og:site_name\" content=\"M\u00e4rchen &amp; Sozialtraining\" \/>\n<meta property=\"article:modified_time\" content=\"2018-12-08T20:07:34+00:00\" \/>\n<meta property=\"og:image\" content=\"https:\/\/maerchen-sozialtraining.de\/wp-content\/uploads\/2018\/07\/IMG_6845-1024x683.jpg\" \/>\n\t<meta property=\"og:image:width\" content=\"1024\" \/>\n\t<meta property=\"og:image:height\" content=\"683\" \/>\n\t<meta property=\"og:image:type\" content=\"image\/jpeg\" \/>\n<meta name=\"twitter:card\" content=\"summary_large_image\" \/>\n<meta name=\"twitter:label1\" content=\"Gesch\u00e4tzte Lesezeit\" \/>\n\t<meta name=\"twitter:data1\" content=\"1\u00a0Minute\" \/>\n<script type=\"application\/ld+json\" class=\"yoast-schema-graph\">{\"@context\":\"https:\\\/\\\/schema.org\",\"@graph\":[{\"@type\":\"WebPage\",\"@id\":\"https:\\\/\\\/maerchen-sozialtraining.de\\\/?page_id=361\",\"url\":\"https:\\\/\\\/maerchen-sozialtraining.de\\\/?page_id=361\",\"name\":\"Einer Schulsozialarbeiterin - M\u00e4rchen &amp; Sozialtraining\",\"isPartOf\":{\"@id\":\"https:\\\/\\\/maerchen-sozialtraining.de\\\/#website\"},\"primaryImageOfPage\":{\"@id\":\"https:\\\/\\\/maerchen-sozialtraining.de\\\/?page_id=361#primaryimage\"},\"image\":{\"@id\":\"https:\\\/\\\/maerchen-sozialtraining.de\\\/?page_id=361#primaryimage\"},\"thumbnailUrl\":\"https:\\\/\\\/maerchen-sozialtraining.de\\\/wp-content\\\/uploads\\\/2018\\\/07\\\/IMG_6845.jpg\",\"datePublished\":\"2018-08-01T16:37:45+00:00\",\"dateModified\":\"2018-12-08T20:07:34+00:00\",\"breadcrumb\":{\"@id\":\"https:\\\/\\\/maerchen-sozialtraining.de\\\/?page_id=361#breadcrumb\"},\"inLanguage\":\"de\",\"potentialAction\":[{\"@type\":\"ReadAction\",\"target\":[\"https:\\\/\\\/maerchen-sozialtraining.de\\\/?page_id=361\"]}]},{\"@type\":\"ImageObject\",\"inLanguage\":\"de\",\"@id\":\"https:\\\/\\\/maerchen-sozialtraining.de\\\/?page_id=361#primaryimage\",\"url\":\"https:\\\/\\\/maerchen-sozialtraining.de\\\/wp-content\\\/uploads\\\/2018\\\/07\\\/IMG_6845.jpg\",\"contentUrl\":\"https:\\\/\\\/maerchen-sozialtraining.de\\\/wp-content\\\/uploads\\\/2018\\\/07\\\/IMG_6845.jpg\",\"width\":4752,\"height\":3168},{\"@type\":\"BreadcrumbList\",\"@id\":\"https:\\\/\\\/maerchen-sozialtraining.de\\\/?page_id=361#breadcrumb\",\"itemListElement\":[{\"@type\":\"ListItem\",\"position\":1,\"name\":\"Startseite\",\"item\":\"https:\\\/\\\/maerchen-sozialtraining.de\\\/\"},{\"@type\":\"ListItem\",\"position\":2,\"name\":\"Termine \\\/ Referenzen\",\"item\":\"https:\\\/\\\/maerchen-sozialtraining.de\\\/?page_id=124\"},{\"@type\":\"ListItem\",\"position\":3,\"name\":\"Einer Schulsozialarbeiterin\"}]},{\"@type\":\"WebSite\",\"@id\":\"https:\\\/\\\/maerchen-sozialtraining.de\\\/#website\",\"url\":\"https:\\\/\\\/maerchen-sozialtraining.de\\\/\",\"name\":\"M\u00e4rchen &amp; Sozialtraining\",\"description\":\"M\u00e4rchen und Sozialtraing mit Heike Cordes\",\"publisher\":{\"@id\":\"https:\\\/\\\/maerchen-sozialtraining.de\\\/#\\\/schema\\\/person\\\/d6db61b2247e77be1317c8e08531254e\"},\"potentialAction\":[{\"@type\":\"SearchAction\",\"target\":{\"@type\":\"EntryPoint\",\"urlTemplate\":\"https:\\\/\\\/maerchen-sozialtraining.de\\\/?s={search_term_string}\"},\"query-input\":{\"@type\":\"PropertyValueSpecification\",\"valueRequired\":true,\"valueName\":\"search_term_string\"}}],\"inLanguage\":\"de\"},{\"@type\":[\"Person\",\"Organization\"],\"@id\":\"https:\\\/\\\/maerchen-sozialtraining.de\\\/#\\\/schema\\\/person\\\/d6db61b2247e77be1317c8e08531254e\",\"name\":\"Heike Cordes\",\"image\":{\"@type\":\"ImageObject\",\"inLanguage\":\"de\",\"@id\":\"http:\\\/\\\/demo.jasmin-bleeke.de\\\/wp-content\\\/uploads\\\/2018\\\/10\\\/M\u00e4rchenabend-14-1024x683.jpg\",\"url\":\"http:\\\/\\\/demo.jasmin-bleeke.de\\\/wp-content\\\/uploads\\\/2018\\\/10\\\/M\u00e4rchenabend-14-1024x683.jpg\",\"contentUrl\":\"http:\\\/\\\/demo.jasmin-bleeke.de\\\/wp-content\\\/uploads\\\/2018\\\/10\\\/M\u00e4rchenabend-14-1024x683.jpg\",\"width\":1024,\"height\":683,\"caption\":\"Heike Cordes\"},\"logo\":{\"@id\":\"http:\\\/\\\/demo.jasmin-bleeke.de\\\/wp-content\\\/uploads\\\/2018\\\/10\\\/M\u00e4rchenabend-14-1024x683.jpg\"},\"sameAs\":[\"http:\\\/\\\/www.maerchen-sozialtraining.de\",\"https:\\\/\\\/www.youtube.com\\\/channel\\\/UCgmmtQjGSU9yha2PtQkxw5A\"]}]}<\/script>\n<!-- \/ Yoast SEO plugin. -->","yoast_head_json":{"title":"Einer Schulsozialarbeiterin - M\u00e4rchen &amp; Sozialtraining","robots":{"index":"index","follow":"follow","max-snippet":"max-snippet:-1","max-image-preview":"max-image-preview:large","max-video-preview":"max-video-preview:-1"},"canonical":"https:\/\/maerchen-sozialtraining.de\/?page_id=361","og_locale":"de_DE","og_type":"article","og_title":"Einer Schulsozialarbeiterin - M\u00e4rchen &amp; Sozialtraining","og_description":"Einer Schulsozialarbeiterin In meiner Arbeit als Schulsozialarbeiterin an einer Grundschule wollte ich mich gerne in das Arbeitsfeld Sozialtraining einarbeiten lassen. Frau Cordes hat mir hierzu grundlegende Kenntnisse vermitttelt und wusste mit ihrem Erfahrungsschatz f\u00fcr jedes Thema, das wir in der Klasse bearbeiten wollten, tolle Spiele, Methoden und M\u00f6glichkeiten. Kompetent, geduldig und immer zielf\u00fchrend stand sie [&hellip;]","og_url":"https:\/\/maerchen-sozialtraining.de\/?page_id=361","og_site_name":"M\u00e4rchen &amp; Sozialtraining","article_modified_time":"2018-12-08T20:07:34+00:00","og_image":[{"width":1024,"height":683,"url":"https:\/\/maerchen-sozialtraining.de\/wp-content\/uploads\/2018\/07\/IMG_6845-1024x683.jpg","type":"image\/jpeg"}],"twitter_card":"summary_large_image","twitter_misc":{"Gesch\u00e4tzte Lesezeit":"1\u00a0Minute"},"schema":{"@context":"https:\/\/schema.org","@graph":[{"@type":"WebPage","@id":"https:\/\/maerchen-sozialtraining.de\/?page_id=361","url":"https:\/\/maerchen-sozialtraining.de\/?page_id=361","name":"Einer Schulsozialarbeiterin - M\u00e4rchen &amp; Sozialtraining","isPartOf":{"@id":"https:\/\/maerchen-sozialtraining.de\/#website"},"primaryImageOfPage":{"@id":"https:\/\/maerchen-sozialtraining.de\/?page_id=361#primaryimage"},"image":{"@id":"https:\/\/maerchen-sozialtraining.de\/?page_id=361#primaryimage"},"thumbnailUrl":"https:\/\/maerchen-sozialtraining.de\/wp-content\/uploads\/2018\/07\/IMG_6845.jpg","datePublished":"2018-08-01T16:37:45+00:00","dateModified":"2018-12-08T20:07:34+00:00","breadcrumb":{"@id":"https:\/\/maerchen-sozialtraining.de\/?page_id=361#breadcrumb"},"inLanguage":"de","potentialAction":[{"@type":"ReadAction","target":["https:\/\/maerchen-sozialtraining.de\/?page_id=361"]}]},{"@type":"ImageObject","inLanguage":"de","@id":"https:\/\/maerchen-sozialtraining.de\/?page_id=361#primaryimage","url":"https:\/\/maerchen-sozialtraining.de\/wp-content\/uploads\/2018\/07\/IMG_6845.jpg","contentUrl":"https:\/\/maerchen-sozialtraining.de\/wp-content\/uploads\/2018\/07\/IMG_6845.jpg","width":4752,"height":3168},{"@type":"BreadcrumbList","@id":"https:\/\/maerchen-sozialtraining.de\/?page_id=361#breadcrumb","itemListElement":[{"@type":"ListItem","position":1,"name":"Startseite","item":"https:\/\/maerchen-sozialtraining.de\/"},{"@type":"ListItem","position":2,"name":"Termine \/ Referenzen","item":"https:\/\/maerchen-sozialtraining.de\/?page_id=124"},{"@type":"ListItem","position":3,"name":"Einer Schulsozialarbeiterin"}]},{"@type":"WebSite","@id":"https:\/\/maerchen-sozialtraining.de\/#website","url":"https:\/\/maerchen-sozialtraining.de\/","name":"M\u00e4rchen &amp; Sozialtraining","description":"M\u00e4rchen und Sozialtraing mit Heike Cordes","publisher":{"@id":"https:\/\/maerchen-sozialtraining.de\/#\/schema\/person\/d6db61b2247e77be1317c8e08531254e"},"potentialAction":[{"@type":"SearchAction","target":{"@type":"EntryPoint","urlTemplate":"https:\/\/maerchen-sozialtraining.de\/?s={search_term_string}"},"query-input":{"@type":"PropertyValueSpecification","valueRequired":true,"valueName":"search_term_string"}}],"inLanguage":"de"},{"@type":["Person","Organization"],"@id":"https:\/\/maerchen-sozialtraining.de\/#\/schema\/person\/d6db61b2247e77be1317c8e08531254e","name":"Heike Cordes","image":{"@type":"ImageObject","inLanguage":"de","@id":"http:\/\/demo.jasmin-bleeke.de\/wp-content\/uploads\/2018\/10\/M\u00e4rchenabend-14-1024x683.jpg","url":"http:\/\/demo.jasmin-bleeke.de\/wp-content\/uploads\/2018\/10\/M\u00e4rchenabend-14-1024x683.jpg","contentUrl":"http:\/\/demo.jasmin-bleeke.de\/wp-content\/uploads\/2018\/10\/M\u00e4rchenabend-14-1024x683.jpg","width":1024,"height":683,"caption":"Heike Cordes"},"logo":{"@id":"http:\/\/demo.jasmin-bleeke.de\/wp-content\/uploads\/2018\/10\/M\u00e4rchenabend-14-1024x683.jpg"},"sameAs":["http:\/\/www.maerchen-sozialtraining.de","https:\/\/www.youtube.com\/channel\/UCgmmtQjGSU9yha2PtQkxw5A"]}]}},"_links":{"self":[{"href":"https:\/\/maerchen-sozialtraining.de\/index.php?rest_route=\/wp\/v2\/pages\/361","targetHints":{"allow":["GET"]}}],"collection":[{"href":"https:\/\/maerchen-sozialtraining.de\/index.php?rest_route=\/wp\/v2\/pages"}],"about":[{"href":"https:\/\/maerchen-sozialtraining.de\/index.php?rest_route=\/wp\/v2\/types\/page"}],"author":[{"embeddable":true,"href":"https:\/\/maerchen-sozialtraining.de\/index.php?rest_route=\/wp\/v2\/users\/1"}],"replies":[{"embeddable":true,"href":"https:\/\/maerchen-sozialtraining.de\/index.php?rest_route=%2Fwp%2Fv2%2Fcomments&post=361"}],"version-history":[{"count":3,"href":"https:\/\/maerchen-sozialtraining.de\/index.php?rest_route=\/wp\/v2\/pages\/361\/revisions"}],"predecessor-version":[{"id":462,"href":"https:\/\/maerchen-sozialtraining.de\/index.php?rest_route=\/wp\/v2\/pages\/361\/revisions\/462"}],"up":[{"embeddable":true,"href":"https:\/\/maerchen-sozialtraining.de\/index.php?rest_route=\/wp\/v2\/pages\/124"}],"wp:featuredmedia":[{"embeddable":true,"href":"https:\/\/maerchen-sozialtraining.de\/index.php?rest_route=\/wp\/v2\/media\/318"}],"wp:attachment":[{"href":"https:\/\/maerchen-sozialtraining.de\/index.php?rest_route=%2Fwp%2Fv2%2Fmedia&parent=361"}],"curies":[{"name":"wp","href":"https:\/\/api.w.org\/{rel}","templated":true}]}}