{"id":18,"date":"2017-11-01T11:01:03","date_gmt":"2017-11-01T11:01:03","guid":{"rendered":"http:\/\/demo.jasmin-bleeke.de\/?page_id=18"},"modified":"2025-10-16T14:09:41","modified_gmt":"2025-10-16T14:09:41","slug":"impressum","status":"publish","type":"page","link":"http:\/\/maerchen-sozialtraining.de\/?page_id=18","title":{"rendered":"Impressum"},"content":{"rendered":"<h1>Impressum<\/h1>\n<p>Heike Cordes<br \/>\nKeplerstra\u00dfe 8<br \/>\n30165 Hannover<\/p>\n<p>Tel.:\u00a0 01515 \/ 6949665<br \/>\n<a href=\"mailto:info@maerchen-sozialtraining.de\">info@maerchen-sozialtraining.de<\/a><\/p>\n<p>Verantwortlicher f\u00fcr die redaktionellen Beitr\u00e4ge im Sinne des \u00a7 5 TMG:<br \/>\nHeike Cordes<\/p>\n<p><strong>Copyright<\/strong><\/p>\n<p>Das Copyright f\u00fcr selbst erstellte Objekte bleibt allein beim Autor der Seiten. Eine Vervielf\u00e4ltigung oder Verwendung solcher Grafiken und Texte in anderen elektronischen oder gedruckten Publikationen ist ohne ausdr\u00fcckliche Zustimmung von Heike Cordes nicht gestattet.<\/p>\n<p><strong>Haftungsausschluss<\/strong><\/p>\n<p>Unsere Website und die darauf bereitgestellten Informationen werden einer sorgf\u00e4ltigen \u00dcberpr\u00fcfung unterzogen und regelm\u00e4\u00dfig aktualisiert. Diesbez\u00fcglich kann jedoch keine Garantie \u00fcber Vollst\u00e4ndigkeit, Richtigkeit oder Aktualit\u00e4t der Angaben gew\u00e4hrleistet werden. Dies beinhaltet besonders direkte oder indirekte Links zu anderen Websites. F\u00fcr den Inhalt der verlinkten Seiten sind ausschlie\u00dflich deren Betreiber verantwortlich.<\/p>\n<p><strong>Linkhaftungsausschluss<\/strong><\/p>\n<p>Das Landgericht Hamburg hat im Urteil 312 O 85\/98 \u201eHaftung f\u00fcr Links\u201c entschieden, dass durch die Verankerung eines Links auf einer Webseite\/Homepage die Inhalte der verlinkten Seiten mit zu verantworten sind. Wir distanzieren uns ausdr\u00fccklich von allen Inhalten, die sich hinter den angegebenen Links, den dahinter stehenden Servern, weiterf\u00fchrenden Links, G\u00e4steb\u00fcchern und s\u00e4mtlichen anderen sichtbaren und unsichtbaren Inhalten verbergen. Sollte eine der Seiten auf den entsprechenden Servern gegen geltendes Recht versto\u00dfen, so ist uns dieses nicht bekannt. Auf entsprechende Benachrichtigung hin wird selbstverst\u00e4ndlich der Link zu dem entsprechenden Server entfernt.<\/p>\n","protected":false},"excerpt":{"rendered":"<p>Impressum Heike Cordes Keplerstra\u00dfe 8 30165 Hannover Tel.:\u00a0 01515 \/ 6949665 info@maerchen-sozialtraining.de Verantwortlicher f\u00fcr die redaktionellen Beitr\u00e4ge im Sinne des \u00a7 5 TMG: Heike Cordes Copyright Das Copyright f\u00fcr selbst erstellte Objekte bleibt allein beim Autor der Seiten. Eine Vervielf\u00e4ltigung oder Verwendung solcher Grafiken und Texte in anderen elektronischen oder gedruckten Publikationen ist ohne ausdr\u00fcckliche [&hellip;]<\/p>\n","protected":false},"author":1,"featured_media":0,"parent":0,"menu_order":0,"comment_status":"closed","ping_status":"closed","template":"page-templates\/full-width-page.php","meta":{"footnotes":""},"class_list":["post-18","page","type-page","status-publish","hentry","without-featured-image"],"yoast_head":"<!-- This site is optimized with the Yoast SEO plugin v27.4 - https:\/\/yoast.com\/product\/yoast-seo-wordpress\/ -->\n<title>Impressum - M\u00e4rchen &amp; Sozialtraining<\/title>\n<meta name=\"robots\" content=\"index, follow, max-snippet:-1, max-image-preview:large, max-video-preview:-1\" \/>\n<link rel=\"canonical\" href=\"http:\/\/maerchen-sozialtraining.de\/?page_id=18\" \/>\n<meta property=\"og:locale\" content=\"de_DE\" \/>\n<meta property=\"og:type\" content=\"article\" \/>\n<meta property=\"og:title\" content=\"Impressum - M\u00e4rchen &amp; Sozialtraining\" \/>\n<meta property=\"og:description\" content=\"Impressum Heike Cordes Keplerstra\u00dfe 8 30165 Hannover Tel.:\u00a0 01515 \/ 6949665 info@maerchen-sozialtraining.de Verantwortlicher f\u00fcr die redaktionellen Beitr\u00e4ge im Sinne des \u00a7 5 TMG: Heike Cordes Copyright Das Copyright f\u00fcr selbst erstellte Objekte bleibt allein beim Autor der Seiten. Eine Vervielf\u00e4ltigung oder Verwendung solcher Grafiken und Texte in anderen elektronischen oder gedruckten Publikationen ist ohne ausdr\u00fcckliche [&hellip;]\" \/>\n<meta property=\"og:url\" content=\"http:\/\/maerchen-sozialtraining.de\/?page_id=18\" \/>\n<meta property=\"og:site_name\" content=\"M\u00e4rchen &amp; Sozialtraining\" \/>\n<meta property=\"article:modified_time\" content=\"2025-10-16T14:09:41+00:00\" \/>\n<meta name=\"twitter:card\" content=\"summary_large_image\" \/>\n<meta name=\"twitter:label1\" content=\"Gesch\u00e4tzte Lesezeit\" \/>\n\t<meta name=\"twitter:data1\" content=\"1\u00a0Minute\" \/>\n<script type=\"application\/ld+json\" class=\"yoast-schema-graph\">{\"@context\":\"https:\\\/\\\/schema.org\",\"@graph\":[{\"@type\":\"WebPage\",\"@id\":\"http:\\\/\\\/maerchen-sozialtraining.de\\\/?page_id=18\",\"url\":\"http:\\\/\\\/maerchen-sozialtraining.de\\\/?page_id=18\",\"name\":\"Impressum - M\u00e4rchen &amp; Sozialtraining\",\"isPartOf\":{\"@id\":\"http:\\\/\\\/maerchen-sozialtraining.de\\\/#website\"},\"datePublished\":\"2017-11-01T11:01:03+00:00\",\"dateModified\":\"2025-10-16T14:09:41+00:00\",\"breadcrumb\":{\"@id\":\"http:\\\/\\\/maerchen-sozialtraining.de\\\/?page_id=18#breadcrumb\"},\"inLanguage\":\"de\",\"potentialAction\":[{\"@type\":\"ReadAction\",\"target\":[\"http:\\\/\\\/maerchen-sozialtraining.de\\\/?page_id=18\"]}]},{\"@type\":\"BreadcrumbList\",\"@id\":\"http:\\\/\\\/maerchen-sozialtraining.de\\\/?page_id=18#breadcrumb\",\"itemListElement\":[{\"@type\":\"ListItem\",\"position\":1,\"name\":\"Startseite\",\"item\":\"http:\\\/\\\/maerchen-sozialtraining.de\\\/\"},{\"@type\":\"ListItem\",\"position\":2,\"name\":\"Impressum\"}]},{\"@type\":\"WebSite\",\"@id\":\"http:\\\/\\\/maerchen-sozialtraining.de\\\/#website\",\"url\":\"http:\\\/\\\/maerchen-sozialtraining.de\\\/\",\"name\":\"M\u00e4rchen &amp; Sozialtraining\",\"description\":\"M\u00e4rchen und Sozialtraing mit Heike Cordes\",\"publisher\":{\"@id\":\"http:\\\/\\\/maerchen-sozialtraining.de\\\/#\\\/schema\\\/person\\\/d6db61b2247e77be1317c8e08531254e\"},\"potentialAction\":[{\"@type\":\"SearchAction\",\"target\":{\"@type\":\"EntryPoint\",\"urlTemplate\":\"http:\\\/\\\/maerchen-sozialtraining.de\\\/?s={search_term_string}\"},\"query-input\":{\"@type\":\"PropertyValueSpecification\",\"valueRequired\":true,\"valueName\":\"search_term_string\"}}],\"inLanguage\":\"de\"},{\"@type\":[\"Person\",\"Organization\"],\"@id\":\"http:\\\/\\\/maerchen-sozialtraining.de\\\/#\\\/schema\\\/person\\\/d6db61b2247e77be1317c8e08531254e\",\"name\":\"Heike Cordes\",\"image\":{\"@type\":\"ImageObject\",\"inLanguage\":\"de\",\"@id\":\"http:\\\/\\\/demo.jasmin-bleeke.de\\\/wp-content\\\/uploads\\\/2018\\\/10\\\/M\u00e4rchenabend-14-1024x683.jpg\",\"url\":\"http:\\\/\\\/demo.jasmin-bleeke.de\\\/wp-content\\\/uploads\\\/2018\\\/10\\\/M\u00e4rchenabend-14-1024x683.jpg\",\"contentUrl\":\"http:\\\/\\\/demo.jasmin-bleeke.de\\\/wp-content\\\/uploads\\\/2018\\\/10\\\/M\u00e4rchenabend-14-1024x683.jpg\",\"width\":1024,\"height\":683,\"caption\":\"Heike Cordes\"},\"logo\":{\"@id\":\"http:\\\/\\\/demo.jasmin-bleeke.de\\\/wp-content\\\/uploads\\\/2018\\\/10\\\/M\u00e4rchenabend-14-1024x683.jpg\"},\"sameAs\":[\"http:\\\/\\\/www.maerchen-sozialtraining.de\",\"https:\\\/\\\/www.youtube.com\\\/channel\\\/UCgmmtQjGSU9yha2PtQkxw5A\"]}]}<\/script>\n<!-- \/ Yoast SEO plugin. -->","yoast_head_json":{"title":"Impressum - M\u00e4rchen &amp; Sozialtraining","robots":{"index":"index","follow":"follow","max-snippet":"max-snippet:-1","max-image-preview":"max-image-preview:large","max-video-preview":"max-video-preview:-1"},"canonical":"http:\/\/maerchen-sozialtraining.de\/?page_id=18","og_locale":"de_DE","og_type":"article","og_title":"Impressum - M\u00e4rchen &amp; Sozialtraining","og_description":"Impressum Heike Cordes Keplerstra\u00dfe 8 30165 Hannover Tel.:\u00a0 01515 \/ 6949665 info@maerchen-sozialtraining.de Verantwortlicher f\u00fcr die redaktionellen Beitr\u00e4ge im Sinne des \u00a7 5 TMG: Heike Cordes Copyright Das Copyright f\u00fcr selbst erstellte Objekte bleibt allein beim Autor der Seiten. Eine Vervielf\u00e4ltigung oder Verwendung solcher Grafiken und Texte in anderen elektronischen oder gedruckten Publikationen ist ohne ausdr\u00fcckliche [&hellip;]","og_url":"http:\/\/maerchen-sozialtraining.de\/?page_id=18","og_site_name":"M\u00e4rchen &amp; Sozialtraining","article_modified_time":"2025-10-16T14:09:41+00:00","twitter_card":"summary_large_image","twitter_misc":{"Gesch\u00e4tzte Lesezeit":"1\u00a0Minute"},"schema":{"@context":"https:\/\/schema.org","@graph":[{"@type":"WebPage","@id":"http:\/\/maerchen-sozialtraining.de\/?page_id=18","url":"http:\/\/maerchen-sozialtraining.de\/?page_id=18","name":"Impressum - M\u00e4rchen &amp; Sozialtraining","isPartOf":{"@id":"http:\/\/maerchen-sozialtraining.de\/#website"},"datePublished":"2017-11-01T11:01:03+00:00","dateModified":"2025-10-16T14:09:41+00:00","breadcrumb":{"@id":"http:\/\/maerchen-sozialtraining.de\/?page_id=18#breadcrumb"},"inLanguage":"de","potentialAction":[{"@type":"ReadAction","target":["http:\/\/maerchen-sozialtraining.de\/?page_id=18"]}]},{"@type":"BreadcrumbList","@id":"http:\/\/maerchen-sozialtraining.de\/?page_id=18#breadcrumb","itemListElement":[{"@type":"ListItem","position":1,"name":"Startseite","item":"http:\/\/maerchen-sozialtraining.de\/"},{"@type":"ListItem","position":2,"name":"Impressum"}]},{"@type":"WebSite","@id":"http:\/\/maerchen-sozialtraining.de\/#website","url":"http:\/\/maerchen-sozialtraining.de\/","name":"M\u00e4rchen &amp; Sozialtraining","description":"M\u00e4rchen und Sozialtraing mit Heike Cordes","publisher":{"@id":"http:\/\/maerchen-sozialtraining.de\/#\/schema\/person\/d6db61b2247e77be1317c8e08531254e"},"potentialAction":[{"@type":"SearchAction","target":{"@type":"EntryPoint","urlTemplate":"http:\/\/maerchen-sozialtraining.de\/?s={search_term_string}"},"query-input":{"@type":"PropertyValueSpecification","valueRequired":true,"valueName":"search_term_string"}}],"inLanguage":"de"},{"@type":["Person","Organization"],"@id":"http:\/\/maerchen-sozialtraining.de\/#\/schema\/person\/d6db61b2247e77be1317c8e08531254e","name":"Heike Cordes","image":{"@type":"ImageObject","inLanguage":"de","@id":"http:\/\/demo.jasmin-bleeke.de\/wp-content\/uploads\/2018\/10\/M\u00e4rchenabend-14-1024x683.jpg","url":"http:\/\/demo.jasmin-bleeke.de\/wp-content\/uploads\/2018\/10\/M\u00e4rchenabend-14-1024x683.jpg","contentUrl":"http:\/\/demo.jasmin-bleeke.de\/wp-content\/uploads\/2018\/10\/M\u00e4rchenabend-14-1024x683.jpg","width":1024,"height":683,"caption":"Heike Cordes"},"logo":{"@id":"http:\/\/demo.jasmin-bleeke.de\/wp-content\/uploads\/2018\/10\/M\u00e4rchenabend-14-1024x683.jpg"},"sameAs":["http:\/\/www.maerchen-sozialtraining.de","https:\/\/www.youtube.com\/channel\/UCgmmtQjGSU9yha2PtQkxw5A"]}]}},"_links":{"self":[{"href":"http:\/\/maerchen-sozialtraining.de\/index.php?rest_route=\/wp\/v2\/pages\/18","targetHints":{"allow":["GET"]}}],"collection":[{"href":"http:\/\/maerchen-sozialtraining.de\/index.php?rest_route=\/wp\/v2\/pages"}],"about":[{"href":"http:\/\/maerchen-sozialtraining.de\/index.php?rest_route=\/wp\/v2\/types\/page"}],"author":[{"embeddable":true,"href":"http:\/\/maerchen-sozialtraining.de\/index.php?rest_route=\/wp\/v2\/users\/1"}],"replies":[{"embeddable":true,"href":"http:\/\/maerchen-sozialtraining.de\/index.php?rest_route=%2Fwp%2Fv2%2Fcomments&post=18"}],"version-history":[{"count":9,"href":"http:\/\/maerchen-sozialtraining.de\/index.php?rest_route=\/wp\/v2\/pages\/18\/revisions"}],"predecessor-version":[{"id":656,"href":"http:\/\/maerchen-sozialtraining.de\/index.php?rest_route=\/wp\/v2\/pages\/18\/revisions\/656"}],"wp:attachment":[{"href":"http:\/\/maerchen-sozialtraining.de\/index.php?rest_route=%2Fwp%2Fv2%2Fmedia&parent=18"}],"curies":[{"name":"wp","href":"https:\/\/api.w.org\/{rel}","templated":true}]}}